{"id":2408,"date":"2017-08-24T09:28:00","date_gmt":"2017-08-24T07:28:00","guid":{"rendered":"https:\/\/www.science-park-saar.de\/wp-content\/uploads\/sites\/11\/2017\/08\/1707_Fassanstich-Staastsekret\u00e4r-J\u00fcrgen-Barke-ben\u00f6tigte-nur-einen-gezielten-Schlag.jpg"},"modified":"2017-08-24T09:28:00","modified_gmt":"2017-08-24T07:28:00","slug":"1707_fassanstich-staastsekretaer-juergen-barke-benoetigte-nur-einen-gezielten-schlag-2","status":"inherit","type":"attachment","link":"https:\/\/www.science-park-saar.de\/fr\/1707_fassanstich-staastsekretaer-juergen-barke-benoetigte-nur-einen-gezielten-schlag-2\/","title":{"rendered":"1707_Fassanstich Staastsekret\u00e4r J\u00fcrgen Barke ben\u00f6tigte nur einen gezielten Schlag"},"author":7,"featured_media":0,"comment_status":"closed","ping_status":"closed","template":"","meta":{"_acf_changed":false},"class_list":["post-2408","attachment","type-attachment","status-inherit","hentry"],"acf":[],"yoast_head":"<!-- This site is optimized with the Yoast SEO plugin v27.4 - https:\/\/yoast.com\/product\/yoast-seo-wordpress\/ -->\n<title>1707_Fassanstich Staastsekret\u00e4r J\u00fcrgen Barke ben\u00f6tigte nur einen gezielten Schlag - Science Park Saar<\/title>\n<meta name=\"robots\" content=\"index, follow, max-snippet:-1, max-image-preview:large, max-video-preview:-1\" \/>\n<link rel=\"canonical\" href=\"https:\/\/www.science-park-saar.de\/wp-content\/uploads\/sites\/11\/2017\/08\/1707_Fassanstich-Staastsekret\u00e4r-J\u00fcrgen-Barke-ben\u00f6tigte-nur-einen-gezielten-Schlag.jpg\" \/>\n<meta property=\"og:locale\" content=\"fr_FR\" \/>\n<meta property=\"og:type\" content=\"article\" \/>\n<meta property=\"og:title\" content=\"1707_Fassanstich Staastsekret\u00e4r J\u00fcrgen Barke ben\u00f6tigte nur einen gezielten Schlag - Science Park Saar\" \/>\n<meta property=\"og:description\" content=\"Ein gezielter Schlag: Fassanstich mit Sts J\u00fcrgen Barke. Foto: Dirk Guldner\" \/>\n<meta property=\"og:url\" content=\"https:\/\/www.science-park-saar.de\/wp-content\/uploads\/sites\/11\/2017\/08\/1707_Fassanstich-Staastsekret\u00e4r-J\u00fcrgen-Barke-ben\u00f6tigte-nur-einen-gezielten-Schlag.jpg\" \/>\n<meta property=\"og:site_name\" content=\"Science Park Saar\" \/>\n<meta property=\"og:image\" content=\"https:\/\/www.science-park-saar.de\/wp-content\/uploads\/sites\/11\/2017\/08\/1707_Fassanstich-Staastsekret\u00e4r-J\u00fcrgen-Barke-ben\u00f6tigte-nur-einen-gezielten-Schlag.jpg\" \/>\n\t<meta property=\"og:image:width\" content=\"3000\" \/>\n\t<meta property=\"og:image:height\" content=\"2000\" \/>\n\t<meta property=\"og:image:type\" content=\"image\/jpeg\" \/>\n<meta name=\"twitter:card\" content=\"summary_large_image\" \/>\n<script type=\"application\/ld+json\" class=\"yoast-schema-graph\">{\"@context\":\"https:\\\/\\\/schema.org\",\"@graph\":[{\"@type\":\"WebPage\",\"@id\":\"https:\\\/\\\/www.science-park-saar.de\\\/wp-content\\\/uploads\\\/sites\\\/11\\\/2017\\\/08\\\/1707_Fassanstich-Staastsekret\u00e4r-J\u00fcrgen-Barke-ben\u00f6tigte-nur-einen-gezielten-Schlag.jpg\",\"url\":\"https:\\\/\\\/www.science-park-saar.de\\\/wp-content\\\/uploads\\\/sites\\\/11\\\/2017\\\/08\\\/1707_Fassanstich-Staastsekret\u00e4r-J\u00fcrgen-Barke-ben\u00f6tigte-nur-einen-gezielten-Schlag.jpg\",\"name\":\"1707_Fassanstich Staastsekret\u00e4r J\u00fcrgen Barke ben\u00f6tigte nur einen gezielten Schlag - Science Park Saar\",\"isPartOf\":{\"@id\":\"https:\\\/\\\/www.science-park-saar.de\\\/#website\"},\"datePublished\":\"2017-08-24T07:28:00+00:00\",\"breadcrumb\":{\"@id\":\"https:\\\/\\\/www.science-park-saar.de\\\/wp-content\\\/uploads\\\/sites\\\/11\\\/2017\\\/08\\\/1707_Fassanstich-Staastsekret\u00e4r-J\u00fcrgen-Barke-ben\u00f6tigte-nur-einen-gezielten-Schlag.jpg#breadcrumb\"},\"inLanguage\":\"fr-FR\",\"potentialAction\":[{\"@type\":\"ReadAction\",\"target\":[\"https:\\\/\\\/www.science-park-saar.de\\\/wp-content\\\/uploads\\\/sites\\\/11\\\/2017\\\/08\\\/1707_Fassanstich-Staastsekret\u00e4r-J\u00fcrgen-Barke-ben\u00f6tigte-nur-einen-gezielten-Schlag.jpg\"]}]},{\"@type\":\"BreadcrumbList\",\"@id\":\"https:\\\/\\\/www.science-park-saar.de\\\/wp-content\\\/uploads\\\/sites\\\/11\\\/2017\\\/08\\\/1707_Fassanstich-Staastsekret\u00e4r-J\u00fcrgen-Barke-ben\u00f6tigte-nur-einen-gezielten-Schlag.jpg#breadcrumb\",\"itemListElement\":[{\"@type\":\"ListItem\",\"position\":1,\"name\":\"Startseite\",\"item\":\"https:\\\/\\\/www.science-park-saar.de\\\/fr\\\/\"},{\"@type\":\"ListItem\",\"position\":2,\"name\":\"1707_Fassanstich Staastsekret\u00e4r J\u00fcrgen Barke ben\u00f6tigte nur einen gezielten Schlag\"}]},{\"@type\":\"WebSite\",\"@id\":\"https:\\\/\\\/www.science-park-saar.de\\\/#website\",\"url\":\"https:\\\/\\\/www.science-park-saar.de\\\/\",\"name\":\"Science Park Saar\",\"description\":\"\",\"potentialAction\":[{\"@type\":\"SearchAction\",\"target\":{\"@type\":\"EntryPoint\",\"urlTemplate\":\"https:\\\/\\\/www.science-park-saar.de\\\/?s={search_term_string}\"},\"query-input\":{\"@type\":\"PropertyValueSpecification\",\"valueRequired\":true,\"valueName\":\"search_term_string\"}}],\"inLanguage\":\"fr-FR\"}]}<\/script>\n<!-- \/ Yoast SEO plugin. -->","yoast_head_json":{"title":"1707_Fassanstich Staastsekret\u00e4r J\u00fcrgen Barke ben\u00f6tigte nur einen gezielten Schlag - Science Park Saar","robots":{"index":"index","follow":"follow","max-snippet":"max-snippet:-1","max-image-preview":"max-image-preview:large","max-video-preview":"max-video-preview:-1"},"canonical":"https:\/\/www.science-park-saar.de\/wp-content\/uploads\/sites\/11\/2017\/08\/1707_Fassanstich-Staastsekret\u00e4r-J\u00fcrgen-Barke-ben\u00f6tigte-nur-einen-gezielten-Schlag.jpg","og_locale":"fr_FR","og_type":"article","og_title":"1707_Fassanstich Staastsekret\u00e4r J\u00fcrgen Barke ben\u00f6tigte nur einen gezielten Schlag - Science Park Saar","og_description":"Ein gezielter Schlag: Fassanstich mit Sts J\u00fcrgen Barke. Foto: Dirk Guldner","og_url":"https:\/\/www.science-park-saar.de\/wp-content\/uploads\/sites\/11\/2017\/08\/1707_Fassanstich-Staastsekret\u00e4r-J\u00fcrgen-Barke-ben\u00f6tigte-nur-einen-gezielten-Schlag.jpg","og_site_name":"Science Park Saar","og_image":[{"width":3000,"height":2000,"url":"https:\/\/www.science-park-saar.de\/wp-content\/uploads\/sites\/11\/2017\/08\/1707_Fassanstich-Staastsekret\u00e4r-J\u00fcrgen-Barke-ben\u00f6tigte-nur-einen-gezielten-Schlag.jpg","type":"image\/jpeg"}],"twitter_card":"summary_large_image","schema":{"@context":"https:\/\/schema.org","@graph":[{"@type":"WebPage","@id":"https:\/\/www.science-park-saar.de\/wp-content\/uploads\/sites\/11\/2017\/08\/1707_Fassanstich-Staastsekret\u00e4r-J\u00fcrgen-Barke-ben\u00f6tigte-nur-einen-gezielten-Schlag.jpg","url":"https:\/\/www.science-park-saar.de\/wp-content\/uploads\/sites\/11\/2017\/08\/1707_Fassanstich-Staastsekret\u00e4r-J\u00fcrgen-Barke-ben\u00f6tigte-nur-einen-gezielten-Schlag.jpg","name":"1707_Fassanstich Staastsekret\u00e4r J\u00fcrgen Barke ben\u00f6tigte nur einen gezielten Schlag - Science Park Saar","isPartOf":{"@id":"https:\/\/www.science-park-saar.de\/#website"},"datePublished":"2017-08-24T07:28:00+00:00","breadcrumb":{"@id":"https:\/\/www.science-park-saar.de\/wp-content\/uploads\/sites\/11\/2017\/08\/1707_Fassanstich-Staastsekret\u00e4r-J\u00fcrgen-Barke-ben\u00f6tigte-nur-einen-gezielten-Schlag.jpg#breadcrumb"},"inLanguage":"fr-FR","potentialAction":[{"@type":"ReadAction","target":["https:\/\/www.science-park-saar.de\/wp-content\/uploads\/sites\/11\/2017\/08\/1707_Fassanstich-Staastsekret\u00e4r-J\u00fcrgen-Barke-ben\u00f6tigte-nur-einen-gezielten-Schlag.jpg"]}]},{"@type":"BreadcrumbList","@id":"https:\/\/www.science-park-saar.de\/wp-content\/uploads\/sites\/11\/2017\/08\/1707_Fassanstich-Staastsekret\u00e4r-J\u00fcrgen-Barke-ben\u00f6tigte-nur-einen-gezielten-Schlag.jpg#breadcrumb","itemListElement":[{"@type":"ListItem","position":1,"name":"Startseite","item":"https:\/\/www.science-park-saar.de\/fr\/"},{"@type":"ListItem","position":2,"name":"1707_Fassanstich Staastsekret\u00e4r J\u00fcrgen Barke ben\u00f6tigte nur einen gezielten Schlag"}]},{"@type":"WebSite","@id":"https:\/\/www.science-park-saar.de\/#website","url":"https:\/\/www.science-park-saar.de\/","name":"Science Park Saar","description":"","potentialAction":[{"@type":"SearchAction","target":{"@type":"EntryPoint","urlTemplate":"https:\/\/www.science-park-saar.de\/?s={search_term_string}"},"query-input":{"@type":"PropertyValueSpecification","valueRequired":true,"valueName":"search_term_string"}}],"inLanguage":"fr-FR"}]}},"smush":"Not processed","description":{"rendered":"<p class=\"attachment\"><a href='https:\/\/www.science-park-saar.de\/wp-content\/uploads\/sites\/11\/2017\/08\/1707_Fassanstich-Staastsekret\u00e4r-J\u00fcrgen-Barke-ben\u00f6tigte-nur-einen-gezielten-Schlag.jpg'><img loading=\"lazy\" decoding=\"async\" width=\"300\" height=\"300\" src=\"https:\/\/www.science-park-saar.de\/wp-content\/uploads\/sites\/11\/2017\/08\/1707_Fassanstich-Staastsekret\u00e4r-J\u00fcrgen-Barke-ben\u00f6tigte-nur-einen-gezielten-Schlag-300x300.jpg\" class=\"attachment-medium size-medium\" alt=\"\" srcset=\"https:\/\/www.science-park-saar.de\/wp-content\/uploads\/sites\/11\/2017\/08\/1707_Fassanstich-Staastsekret\u00e4r-J\u00fcrgen-Barke-ben\u00f6tigte-nur-einen-gezielten-Schlag-300x300.jpg 300w, https:\/\/www.science-park-saar.de\/wp-content\/uploads\/sites\/11\/2017\/08\/1707_Fassanstich-Staastsekret\u00e4r-J\u00fcrgen-Barke-ben\u00f6tigte-nur-einen-gezielten-Schlag-150x150.jpg 150w, https:\/\/www.science-park-saar.de\/wp-content\/uploads\/sites\/11\/2017\/08\/1707_Fassanstich-Staastsekret\u00e4r-J\u00fcrgen-Barke-ben\u00f6tigte-nur-einen-gezielten-Schlag-1024x1024.jpg 1024w\" sizes=\"auto, (max-width: 300px) 100vw, 300px\" \/><\/a><\/p>\n"},"caption":{"rendered":"<p>Ein gezielter Schlag: Fassanstich mit Sts J\u00fcrgen Barke. Foto: Dirk Guldner<\/p>\n"},"alt_text":"","media_type":"image","mime_type":"image\/jpeg","media_details":{"width":"3000","height":"2000","file":"2017\/08\/1707_Fassanstich-Staastsekret\u00e4r-J\u00fcrgen-Barke-ben\u00f6tigte-nur-einen-gezielten-Schlag.jpg","sizes":{"thumbnail":{"file":"1707_Fassanstich-Staastsekret\u00e4r-J\u00fcrgen-Barke-ben\u00f6tigte-nur-einen-gezielten-Schlag-150x150.jpg","width":"150","height":"150","mime_type":"image\/jpeg","source_url":"https:\/\/www.science-park-saar.de\/wp-content\/uploads\/sites\/11\/2017\/08\/1707_Fassanstich-Staastsekret\u00e4r-J\u00fcrgen-Barke-ben\u00f6tigte-nur-einen-gezielten-Schlag-150x150.jpg"},"medium":{"file":"1707_Fassanstich-Staastsekret\u00e4r-J\u00fcrgen-Barke-ben\u00f6tigte-nur-einen-gezielten-Schlag-300x300.jpg","width":"300","height":"300","mime_type":"image\/jpeg","source_url":"https:\/\/www.science-park-saar.de\/wp-content\/uploads\/sites\/11\/2017\/08\/1707_Fassanstich-Staastsekret\u00e4r-J\u00fcrgen-Barke-ben\u00f6tigte-nur-einen-gezielten-Schlag-300x300.jpg"},"medium_large":{"file":"1707_Fassanstich-Staastsekret\u00e4r-J\u00fcrgen-Barke-ben\u00f6tigte-nur-einen-gezielten-Schlag-768x512.jpg","width":"768","height":"512","mime_type":"image\/jpeg","source_url":"https:\/\/www.science-park-saar.de\/wp-content\/uploads\/sites\/11\/2017\/08\/1707_Fassanstich-Staastsekret\u00e4r-J\u00fcrgen-Barke-ben\u00f6tigte-nur-einen-gezielten-Schlag-768x512.jpg"},"large":{"file":"1707_Fassanstich-Staastsekret\u00e4r-J\u00fcrgen-Barke-ben\u00f6tigte-nur-einen-gezielten-Schlag-1024x1024.jpg","width":"1024","height":"1024","mime_type":"image\/jpeg","source_url":"https:\/\/www.science-park-saar.de\/wp-content\/uploads\/sites\/11\/2017\/08\/1707_Fassanstich-Staastsekret\u00e4r-J\u00fcrgen-Barke-ben\u00f6tigte-nur-einen-gezielten-Schlag-1024x1024.jpg"},"wysija-newsletters-max":{"file":"1707_Fassanstich-Staastsekret\u00e4r-J\u00fcrgen-Barke-ben\u00f6tigte-nur-einen-gezielten-Schlag-600x9999.jpg","width":"600","height":"9999","mime_type":"image\/jpeg","source_url":"https:\/\/www.science-park-saar.de\/wp-content\/uploads\/sites\/11\/2017\/08\/1707_Fassanstich-Staastsekret\u00e4r-J\u00fcrgen-Barke-ben\u00f6tigte-nur-einen-gezielten-Schlag-600x9999.jpg"},"news-thumb":{"file":"1707_Fassanstich-Staastsekret\u00e4r-J\u00fcrgen-Barke-ben\u00f6tigte-nur-einen-gezielten-Schlag-480x294.jpg","width":"480","height":"294","mime_type":"image\/jpeg","source_url":"https:\/\/www.science-park-saar.de\/wp-content\/uploads\/sites\/11\/2017\/08\/1707_Fassanstich-Staastsekret\u00e4r-J\u00fcrgen-Barke-ben\u00f6tigte-nur-einen-gezielten-Schlag-480x294.jpg"},"ansprechpartner-thumb":{"file":"1707_Fassanstich-Staastsekret\u00e4r-J\u00fcrgen-Barke-ben\u00f6tigte-nur-einen-gezielten-Schlag-480x394.jpg","width":"480","height":"394","mime_type":"image\/jpeg","source_url":"https:\/\/www.science-park-saar.de\/wp-content\/uploads\/sites\/11\/2017\/08\/1707_Fassanstich-Staastsekret\u00e4r-J\u00fcrgen-Barke-ben\u00f6tigte-nur-einen-gezielten-Schlag-480x394.jpg"},"quickguide-thumb":{"file":"1707_Fassanstich-Staastsekret\u00e4r-J\u00fcrgen-Barke-ben\u00f6tigte-nur-einen-gezielten-Schlag-478x238.jpg","width":"478","height":"238","mime_type":"image\/jpeg","source_url":"https:\/\/www.science-park-saar.de\/wp-content\/uploads\/sites\/11\/2017\/08\/1707_Fassanstich-Staastsekret\u00e4r-J\u00fcrgen-Barke-ben\u00f6tigte-nur-einen-gezielten-Schlag-478x238.jpg"},"gallery-thumb":{"file":"1707_Fassanstich-Staastsekret\u00e4r-J\u00fcrgen-Barke-ben\u00f6tigte-nur-einen-gezielten-Schlag-600x320.jpg","width":"600","height":"320","mime_type":"image\/jpeg","source_url":"https:\/\/www.science-park-saar.de\/wp-content\/uploads\/sites\/11\/2017\/08\/1707_Fassanstich-Staastsekret\u00e4r-J\u00fcrgen-Barke-ben\u00f6tigte-nur-einen-gezielten-Schlag-600x320.jpg"},"headerGrafik2000":{"file":"1707_Fassanstich-Staastsekret\u00e4r-J\u00fcrgen-Barke-ben\u00f6tigte-nur-einen-gezielten-Schlag-2000x680.jpg","width":"2000","height":"680","mime_type":"image\/jpeg","source_url":"https:\/\/www.science-park-saar.de\/wp-content\/uploads\/sites\/11\/2017\/08\/1707_Fassanstich-Staastsekret\u00e4r-J\u00fcrgen-Barke-ben\u00f6tigte-nur-einen-gezielten-Schlag-2000x680.jpg"},"full":{"file":"1707_Fassanstich-Staastsekret\u00e4r-J\u00fcrgen-Barke-ben\u00f6tigte-nur-einen-gezielten-Schlag.jpg","width":3000,"height":2000,"mime_type":"image\/jpeg","source_url":"https:\/\/www.science-park-saar.de\/wp-content\/uploads\/sites\/11\/2017\/08\/1707_Fassanstich-Staastsekret\u00e4r-J\u00fcrgen-Barke-ben\u00f6tigte-nur-einen-gezielten-Schlag.jpg"}},"image_meta":{"aperture":"5","credit":"Dirk Guldner - guldner.de","camera":"NIKON D5","caption":"Foto:\rDirk Guldner\rmail. dirk@guldner.de\rweb. guldner.de\rVer\u009affentlichung nur mit Namensnennung - Honorar lt. Vereinbarung !","created_timestamp":"1499434727","copyright":"Dirk Guldner - guldner.de","focal_length":"24","iso":"100","shutter_speed":"0.00125","title":"","orientation":"1"}},"post":null,"source_url":"https:\/\/www.science-park-saar.de\/wp-content\/uploads\/sites\/11\/2017\/08\/1707_Fassanstich-Staastsekret\u00e4r-J\u00fcrgen-Barke-ben\u00f6tigte-nur-einen-gezielten-Schlag.jpg","_links":{"self":[{"href":"https:\/\/www.science-park-saar.de\/fr\/wp-json\/wp\/v2\/media\/2408","targetHints":{"allow":["GET"]}}],"collection":[{"href":"https:\/\/www.science-park-saar.de\/fr\/wp-json\/wp\/v2\/media"}],"about":[{"href":"https:\/\/www.science-park-saar.de\/fr\/wp-json\/wp\/v2\/types\/attachment"}],"author":[{"embeddable":true,"href":"https:\/\/www.science-park-saar.de\/fr\/wp-json\/wp\/v2\/users\/7"}],"replies":[{"embeddable":true,"href":"https:\/\/www.science-park-saar.de\/fr\/wp-json\/wp\/v2\/comments?post=2408"}]}}