{"id":3628,"date":"2022-06-30T14:58:26","date_gmt":"2022-06-30T12:58:26","guid":{"rendered":"https:\/\/www.science-park-saar.de\/wp-content\/uploads\/sites\/11\/2022\/06\/Diskussion25062232D-1.jpg"},"modified":"2022-06-30T14:58:26","modified_gmt":"2022-06-30T12:58:26","slug":"rag-laedt-zum-wochenende-auf-duhamel-3","status":"inherit","type":"attachment","link":"https:\/\/www.science-park-saar.de\/en\/rag-laedt-zum-wochenende-auf-duhamel-3\/","title":{"rendered":"RAg l\u00e4dt zum Wochenende auf Duhamel"},"author":8,"featured_media":0,"comment_status":"closed","ping_status":"closed","template":"","meta":{"_acf_changed":false},"class_list":["post-3628","attachment","type-attachment","status-inherit","hentry"],"acf":[],"yoast_head":"<!-- This site is optimized with the Yoast SEO plugin v27.4 - https:\/\/yoast.com\/product\/yoast-seo-wordpress\/ -->\n<title>RAg l\u00e4dt zum Wochenende auf Duhamel - Science Park Saar<\/title>\n<meta name=\"robots\" content=\"index, follow, max-snippet:-1, max-image-preview:large, max-video-preview:-1\" \/>\n<link rel=\"canonical\" href=\"https:\/\/www.science-park-saar.de\/wp-content\/uploads\/sites\/11\/2022\/06\/Diskussion25062232D-1.jpg\" \/>\n<meta property=\"og:locale\" content=\"en_US\" \/>\n<meta property=\"og:type\" content=\"article\" \/>\n<meta property=\"og:title\" content=\"RAg l\u00e4dt zum Wochenende auf Duhamel - Science Park Saar\" \/>\n<meta property=\"og:description\" content=\"Zu einem Wochenende auf Duhamel mit einem Tag der offenen T\u00fcr l\u00e4dt am Samstag (25.06.2022) die RAG auf das Bergwerk Duhamel in Ensdorf. Im Rahmen einer Podiumsdiskussion erl\u00e4utern die Talkg\u00e4ste den Stand und die Zukunft der Standortentwicklung am Bergwerk. Foto: BeckerBredel\" \/>\n<meta property=\"og:url\" content=\"https:\/\/www.science-park-saar.de\/wp-content\/uploads\/sites\/11\/2022\/06\/Diskussion25062232D-1.jpg\" \/>\n<meta property=\"og:site_name\" content=\"Science Park Saar\" \/>\n<meta property=\"og:image\" content=\"https:\/\/www.science-park-saar.de\/wp-content\/uploads\/sites\/11\/2022\/06\/Diskussion25062232D-1.jpg\" \/>\n\t<meta property=\"og:image:width\" content=\"1500\" \/>\n\t<meta property=\"og:image:height\" content=\"1000\" \/>\n\t<meta property=\"og:image:type\" content=\"image\/jpeg\" \/>\n<meta name=\"twitter:card\" content=\"summary_large_image\" \/>\n<script type=\"application\/ld+json\" class=\"yoast-schema-graph\">{\"@context\":\"https:\\\/\\\/schema.org\",\"@graph\":[{\"@type\":\"WebPage\",\"@id\":\"https:\\\/\\\/www.science-park-saar.de\\\/wp-content\\\/uploads\\\/sites\\\/11\\\/2022\\\/06\\\/Diskussion25062232D-1.jpg\",\"url\":\"https:\\\/\\\/www.science-park-saar.de\\\/wp-content\\\/uploads\\\/sites\\\/11\\\/2022\\\/06\\\/Diskussion25062232D-1.jpg\",\"name\":\"RAg l\u00e4dt zum Wochenende auf Duhamel - Science Park Saar\",\"isPartOf\":{\"@id\":\"https:\\\/\\\/www.science-park-saar.de\\\/#website\"},\"datePublished\":\"2022-06-30T12:58:26+00:00\",\"breadcrumb\":{\"@id\":\"https:\\\/\\\/www.science-park-saar.de\\\/wp-content\\\/uploads\\\/sites\\\/11\\\/2022\\\/06\\\/Diskussion25062232D-1.jpg#breadcrumb\"},\"inLanguage\":\"en-US\",\"potentialAction\":[{\"@type\":\"ReadAction\",\"target\":[\"https:\\\/\\\/www.science-park-saar.de\\\/wp-content\\\/uploads\\\/sites\\\/11\\\/2022\\\/06\\\/Diskussion25062232D-1.jpg\"]}]},{\"@type\":\"BreadcrumbList\",\"@id\":\"https:\\\/\\\/www.science-park-saar.de\\\/wp-content\\\/uploads\\\/sites\\\/11\\\/2022\\\/06\\\/Diskussion25062232D-1.jpg#breadcrumb\",\"itemListElement\":[{\"@type\":\"ListItem\",\"position\":1,\"name\":\"Startseite\",\"item\":\"https:\\\/\\\/www.science-park-saar.de\\\/en\\\/\"},{\"@type\":\"ListItem\",\"position\":2,\"name\":\"RAg l\u00e4dt zum Wochenende auf Duhamel\"}]},{\"@type\":\"WebSite\",\"@id\":\"https:\\\/\\\/www.science-park-saar.de\\\/#website\",\"url\":\"https:\\\/\\\/www.science-park-saar.de\\\/\",\"name\":\"Science Park Saar\",\"description\":\"\",\"potentialAction\":[{\"@type\":\"SearchAction\",\"target\":{\"@type\":\"EntryPoint\",\"urlTemplate\":\"https:\\\/\\\/www.science-park-saar.de\\\/?s={search_term_string}\"},\"query-input\":{\"@type\":\"PropertyValueSpecification\",\"valueRequired\":true,\"valueName\":\"search_term_string\"}}],\"inLanguage\":\"en-US\"}]}<\/script>\n<!-- \/ Yoast SEO plugin. -->","yoast_head_json":{"title":"RAg l\u00e4dt zum Wochenende auf Duhamel - Science Park Saar","robots":{"index":"index","follow":"follow","max-snippet":"max-snippet:-1","max-image-preview":"max-image-preview:large","max-video-preview":"max-video-preview:-1"},"canonical":"https:\/\/www.science-park-saar.de\/wp-content\/uploads\/sites\/11\/2022\/06\/Diskussion25062232D-1.jpg","og_locale":"en_US","og_type":"article","og_title":"RAg l\u00e4dt zum Wochenende auf Duhamel - Science Park Saar","og_description":"Zu einem Wochenende auf Duhamel mit einem Tag der offenen T\u00fcr l\u00e4dt am Samstag (25.06.2022) die RAG auf das Bergwerk Duhamel in Ensdorf. Im Rahmen einer Podiumsdiskussion erl\u00e4utern die Talkg\u00e4ste den Stand und die Zukunft der Standortentwicklung am Bergwerk. Foto: BeckerBredel","og_url":"https:\/\/www.science-park-saar.de\/wp-content\/uploads\/sites\/11\/2022\/06\/Diskussion25062232D-1.jpg","og_site_name":"Science Park Saar","og_image":[{"width":1500,"height":1000,"url":"https:\/\/www.science-park-saar.de\/wp-content\/uploads\/sites\/11\/2022\/06\/Diskussion25062232D-1.jpg","type":"image\/jpeg"}],"twitter_card":"summary_large_image","schema":{"@context":"https:\/\/schema.org","@graph":[{"@type":"WebPage","@id":"https:\/\/www.science-park-saar.de\/wp-content\/uploads\/sites\/11\/2022\/06\/Diskussion25062232D-1.jpg","url":"https:\/\/www.science-park-saar.de\/wp-content\/uploads\/sites\/11\/2022\/06\/Diskussion25062232D-1.jpg","name":"RAg l\u00e4dt zum Wochenende auf Duhamel - Science Park Saar","isPartOf":{"@id":"https:\/\/www.science-park-saar.de\/#website"},"datePublished":"2022-06-30T12:58:26+00:00","breadcrumb":{"@id":"https:\/\/www.science-park-saar.de\/wp-content\/uploads\/sites\/11\/2022\/06\/Diskussion25062232D-1.jpg#breadcrumb"},"inLanguage":"en-US","potentialAction":[{"@type":"ReadAction","target":["https:\/\/www.science-park-saar.de\/wp-content\/uploads\/sites\/11\/2022\/06\/Diskussion25062232D-1.jpg"]}]},{"@type":"BreadcrumbList","@id":"https:\/\/www.science-park-saar.de\/wp-content\/uploads\/sites\/11\/2022\/06\/Diskussion25062232D-1.jpg#breadcrumb","itemListElement":[{"@type":"ListItem","position":1,"name":"Startseite","item":"https:\/\/www.science-park-saar.de\/en\/"},{"@type":"ListItem","position":2,"name":"RAg l\u00e4dt zum Wochenende auf Duhamel"}]},{"@type":"WebSite","@id":"https:\/\/www.science-park-saar.de\/#website","url":"https:\/\/www.science-park-saar.de\/","name":"Science Park Saar","description":"","potentialAction":[{"@type":"SearchAction","target":{"@type":"EntryPoint","urlTemplate":"https:\/\/www.science-park-saar.de\/?s={search_term_string}"},"query-input":{"@type":"PropertyValueSpecification","valueRequired":true,"valueName":"search_term_string"}}],"inLanguage":"en-US"}]}},"smush":"Not processed","description":{"rendered":"<p class=\"attachment\"><a href='https:\/\/www.science-park-saar.de\/wp-content\/uploads\/sites\/11\/2022\/06\/Diskussion25062232D-1.jpg'><img loading=\"lazy\" decoding=\"async\" width=\"300\" height=\"200\" src=\"https:\/\/www.science-park-saar.de\/wp-content\/uploads\/sites\/11\/2022\/06\/Diskussion25062232D-1-300x200.jpg\" class=\"attachment-medium size-medium\" alt=\"\" srcset=\"https:\/\/www.science-park-saar.de\/wp-content\/uploads\/sites\/11\/2022\/06\/Diskussion25062232D-1-300x200.jpg 300w, https:\/\/www.science-park-saar.de\/wp-content\/uploads\/sites\/11\/2022\/06\/Diskussion25062232D-1-1024x683.jpg 1024w, https:\/\/www.science-park-saar.de\/wp-content\/uploads\/sites\/11\/2022\/06\/Diskussion25062232D-1-768x512.jpg 768w, https:\/\/www.science-park-saar.de\/wp-content\/uploads\/sites\/11\/2022\/06\/Diskussion25062232D-1.jpg 1500w\" sizes=\"auto, (max-width: 300px) 100vw, 300px\" \/><\/a><\/p>\n"},"caption":{"rendered":"<p>Zu einem Wochenende auf Duhamel mit einem Tag der offenen T\u00fcr l\u00e4dt am Samstag (25.06.2022) die RAG auf das Bergwerk Duhamel in Ensdorf. Im Rahmen einer Podiumsdiskussion erl\u00e4utern die Talkg\u00e4ste den Stand und die Zukunft der Standortentwicklung am Bergwerk. Foto: BeckerBredel<\/p>\n"},"alt_text":"","media_type":"image","mime_type":"image\/jpeg","media_details":{"width":1500,"height":1000,"file":"2022\/06\/Diskussion25062232D-1.jpg","filesize":463340,"sizes":{"medium":{"file":"Diskussion25062232D-1-300x200.jpg","width":300,"height":200,"filesize":18002,"mime_type":"image\/jpeg","source_url":"https:\/\/www.science-park-saar.de\/wp-content\/uploads\/sites\/11\/2022\/06\/Diskussion25062232D-1-300x200.jpg"},"large":{"file":"Diskussion25062232D-1-1024x683.jpg","width":1024,"height":683,"filesize":118611,"mime_type":"image\/jpeg","source_url":"https:\/\/www.science-park-saar.de\/wp-content\/uploads\/sites\/11\/2022\/06\/Diskussion25062232D-1-1024x683.jpg"},"thumbnail":{"file":"Diskussion25062232D-1-150x150.jpg","width":150,"height":150,"filesize":7875,"mime_type":"image\/jpeg","source_url":"https:\/\/www.science-park-saar.de\/wp-content\/uploads\/sites\/11\/2022\/06\/Diskussion25062232D-1-150x150.jpg"},"medium_large":{"file":"Diskussion25062232D-1-768x512.jpg","width":768,"height":512,"filesize":75648,"mime_type":"image\/jpeg","source_url":"https:\/\/www.science-park-saar.de\/wp-content\/uploads\/sites\/11\/2022\/06\/Diskussion25062232D-1-768x512.jpg"},"news-thumb":{"file":"Diskussion25062232D-1-480x294.jpg","width":480,"height":294,"filesize":34737,"mime_type":"image\/jpeg","source_url":"https:\/\/www.science-park-saar.de\/wp-content\/uploads\/sites\/11\/2022\/06\/Diskussion25062232D-1-480x294.jpg"},"ansprechpartner-thumb":{"file":"Diskussion25062232D-1-480x394.jpg","width":480,"height":394,"filesize":41604,"mime_type":"image\/jpeg","source_url":"https:\/\/www.science-park-saar.de\/wp-content\/uploads\/sites\/11\/2022\/06\/Diskussion25062232D-1-480x394.jpg"},"quickguide-thumb":{"file":"Diskussion25062232D-1-478x238.jpg","width":478,"height":238,"filesize":30272,"mime_type":"image\/jpeg","source_url":"https:\/\/www.science-park-saar.de\/wp-content\/uploads\/sites\/11\/2022\/06\/Diskussion25062232D-1-478x238.jpg"},"gallery-thumb":{"file":"Diskussion25062232D-1-600x320.jpg","width":600,"height":320,"filesize":44807,"mime_type":"image\/jpeg","source_url":"https:\/\/www.science-park-saar.de\/wp-content\/uploads\/sites\/11\/2022\/06\/Diskussion25062232D-1-600x320.jpg"},"headerGrafik2000":{"file":"Diskussion25062232D-1-1500x680.jpg","width":1500,"height":680,"filesize":159525,"mime_type":"image\/jpeg","source_url":"https:\/\/www.science-park-saar.de\/wp-content\/uploads\/sites\/11\/2022\/06\/Diskussion25062232D-1-1500x680.jpg"},"full":{"file":"Diskussion25062232D-1.jpg","width":1500,"height":1000,"mime_type":"image\/jpeg","source_url":"https:\/\/www.science-park-saar.de\/wp-content\/uploads\/sites\/11\/2022\/06\/Diskussion25062232D-1.jpg"}},"image_meta":{"aperture":"0","credit":"BeckerBredel","camera":"","caption":"Zu einem Wochenende auf Duhamel mit einem Tag der offenen T\u00fcr l\u00e4dt am Samstag (25.06.2022) die RAG auf das Bergwerk Duhamel in Ensdorf. Im Rahmen einer Podiumsdiskussion erl\u00e4utern die Talkg\u00e4ste den Stand und die Zukunft der Standortentwicklung am Bergwerk. Foto: BeckerBredel","created_timestamp":"1656149543","copyright":"BeckerBredel","focal_length":"0","iso":"0","shutter_speed":"0","title":"RAg l\u00e4dt zum Wochenende auf Duhamel","orientation":"1","keywords":[]}},"post":null,"source_url":"https:\/\/www.science-park-saar.de\/wp-content\/uploads\/sites\/11\/2022\/06\/Diskussion25062232D-1.jpg","_links":{"self":[{"href":"https:\/\/www.science-park-saar.de\/en\/wp-json\/wp\/v2\/media\/3628","targetHints":{"allow":["GET"]}}],"collection":[{"href":"https:\/\/www.science-park-saar.de\/en\/wp-json\/wp\/v2\/media"}],"about":[{"href":"https:\/\/www.science-park-saar.de\/en\/wp-json\/wp\/v2\/types\/attachment"}],"author":[{"embeddable":true,"href":"https:\/\/www.science-park-saar.de\/en\/wp-json\/wp\/v2\/users\/8"}],"replies":[{"embeddable":true,"href":"https:\/\/www.science-park-saar.de\/en\/wp-json\/wp\/v2\/comments?post=3628"}]}}